{"id":293,"date":"2025-05-29T17:39:42","date_gmt":"2025-05-29T15:39:42","guid":{"rendered":"https:\/\/www.mauxenmots.be\/?page_id=293"},"modified":"2025-06-28T15:23:18","modified_gmt":"2025-06-28T13:23:18","slug":"histoire","status":"publish","type":"page","link":"https:\/\/www.mauxenmots.be\/index.php\/histoire\/","title":{"rendered":"Histoire"},"content":{"rendered":"\t\t<div data-elementor-type=\"wp-page\" data-elementor-id=\"293\" class=\"elementor elementor-293\">\n\t\t\t\t\t\t<section class=\"elementor-section elementor-top-section elementor-element elementor-element-547030d elementor-section-boxed elementor-section-height-default elementor-section-height-default\" data-id=\"547030d\" data-element_type=\"section\" data-settings=\"{&quot;background_background&quot;:&quot;classic&quot;}\">\n\t\t\t\t\t\t<div class=\"elementor-container elementor-column-gap-default\">\n\t\t\t\t\t<div class=\"elementor-column elementor-col-100 elementor-top-column elementor-element elementor-element-c5da3a7\" data-id=\"c5da3a7\" data-element_type=\"column\">\n\t\t\t<div class=\"elementor-widget-wrap elementor-element-populated\">\n\t\t\t\t\t\t<section class=\"elementor-section elementor-inner-section elementor-element elementor-element-2addcd5 elementor-section-boxed elementor-section-height-default elementor-section-height-default\" data-id=\"2addcd5\" data-element_type=\"section\">\n\t\t\t\t\t\t<div class=\"elementor-container elementor-column-gap-default\">\n\t\t\t\t\t<div class=\"elementor-column elementor-col-50 elementor-inner-column elementor-element elementor-element-1ba29ce\" data-id=\"1ba29ce\" data-element_type=\"column\">\n\t\t\t<div class=\"elementor-widget-wrap elementor-element-populated\">\n\t\t\t\t\t\t<div class=\"elementor-element elementor-element-493d4af elementor-widget elementor-widget-heading\" data-id=\"493d4af\" data-element_type=\"widget\" data-widget_type=\"heading.default\">\n\t\t\t\t<div class=\"elementor-widget-container\">\n\t\t\t\t\t<h2 class=\"elementor-heading-title elementor-size-default\">Historique du Centre Maux en Mots<\/h2>\t\t\t\t<\/div>\n\t\t\t\t<\/div>\n\t\t\t\t<div class=\"elementor-element elementor-element-e45edf6 elementor-widget elementor-widget-heading\" data-id=\"e45edf6\" data-element_type=\"widget\" data-widget_type=\"heading.default\">\n\t\t\t\t<div class=\"elementor-widget-container\">\n\t\t\t\t\t<h2 class=\"elementor-heading-title elementor-size-default\">Depuis 2006<\/h2>\t\t\t\t<\/div>\n\t\t\t\t<\/div>\n\t\t\t\t\t<\/div>\n\t\t<\/div>\n\t\t\t\t<div class=\"elementor-column elementor-col-50 elementor-inner-column elementor-element elementor-element-837c3e5\" data-id=\"837c3e5\" data-element_type=\"column\">\n\t\t\t<div class=\"elementor-widget-wrap elementor-element-populated\">\n\t\t\t\t\t\t<div class=\"elementor-element elementor-element-71d1e82 elementor-widget elementor-widget-image\" data-id=\"71d1e82\" data-element_type=\"widget\" data-widget_type=\"image.default\">\n\t\t\t\t<div class=\"elementor-widget-container\">\n\t\t\t\t\t\t\t\t\t\t\t\t\t\t\t<img fetchpriority=\"high\" decoding=\"async\" width=\"225\" height=\"300\" src=\"https:\/\/www.mauxenmots.be\/wp-content\/uploads\/2025\/05\/IMG-20250122-WA0005-min-225x300.jpg\" class=\"attachment-medium size-medium wp-image-32\" alt=\"\" srcset=\"https:\/\/www.mauxenmots.be\/wp-content\/uploads\/2025\/05\/IMG-20250122-WA0005-min-225x300.jpg 225w, https:\/\/www.mauxenmots.be\/wp-content\/uploads\/2025\/05\/IMG-20250122-WA0005-min-768x1024.jpg 768w, https:\/\/www.mauxenmots.be\/wp-content\/uploads\/2025\/05\/IMG-20250122-WA0005-min-1152x1536.jpg 1152w, https:\/\/www.mauxenmots.be\/wp-content\/uploads\/2025\/05\/IMG-20250122-WA0005-min.jpg 1200w\" sizes=\"(max-width: 225px) 100vw, 225px\" \/>\t\t\t\t\t\t\t\t\t\t\t\t\t\t\t<\/div>\n\t\t\t\t<\/div>\n\t\t\t\t\t<\/div>\n\t\t<\/div>\n\t\t\t\t\t<\/div>\n\t\t<\/section>\n\t\t\t\t<div class=\"elementor-element elementor-element-7092db0 elementor-widget elementor-widget-text-editor\" data-id=\"7092db0\" data-element_type=\"widget\" data-widget_type=\"text-editor.default\">\n\t\t\t\t<div class=\"elementor-widget-container\">\n\t\t\t\t\t\t\t\t\t<p>Notre centre, qui f\u00eatera bient\u00f4t ses 20 ans, a vu le jour en 2006 de la r\u00e9flexion de plusieurs logop\u00e8des, jeunes dipl\u00f4m\u00e9es. En effet, celles-ci cherchant un lieu pour recevoir leurs patients, eurent l\u2019id\u00e9e alors de s\u2019associer et de s\u2019\u00e9tablir dans un seul et m\u00eame endroit. Des locaux disponibles \u00e0 la location se trouvant rue d\u2019Argent \u00e0 Enghien, ont \u00e9t\u00e9 choisis.<\/p><p>Pendant 14 belles ann\u00e9es, l\u2019\u00e9quipe s\u2019est agrandie et enrichie d\u2019autres th\u00e9rapeutes, d\u2019autres collaborateurs pratiquant diverses disciplines tels que des psychologues, un kin\u00e9, des neuro-psychologues,\u2026 Et puis, d\u2019autres encore nous ont quitt\u00e9s pour voguer vers d\u2019autres horizons.<\/p><p>En 2012, l\u2019\u00e9quipe en place \u00e0 cette \u00e9poque, prend la d\u00e9cision de nommer cette association de th\u00e9rapeutes et s\u2019accorde sur \u00ab Maux en Mots \u00bb. Cette terminologie semblait (et semble toujours) repr\u00e9senter ad\u00e9quatement le travail propos\u00e9 par l\u2019ensemble des collaborateurs pr\u00e9sents. Cette ann\u00e9e-l\u00e0 verra \u00e9galement la cr\u00e9ation du site internet ainsi que celle de cartes de visite.<\/p><p>En 2020, une nouvelle grande \u00e9tape pour notre centre.<br \/>Afin d\u2019am\u00e9liorer l\u2019accueil des patients, les bureaux changent d\u2019adresse pour s\u2019\u00e9tablir au 15 rue des Capucins (toujours \u00e0 Enghien) dans ses tous nouveaux locaux fra\u00eechement remis \u00e0 neuf. Ce sera pour nous aussi l\u2019occasion d\u2019accueillir de nouvelles logop\u00e8des mais aussi de nouvelles disciplines : la psychanalyse, le massage en conscience<\/p><p>En 2021, nous \u00e9mettons le souhait d\u2019associer \u00e0 notre nom d\u00e9j\u00e0 \u00e9vocateur un logo qui de part la symbolique de l\u2019arbre montrant des racines solidement ancr\u00e9es dans le sol, un tronc certes tortueux mais fort et une feuillaison arborant un joli d\u00e9grad\u00e9 de couleurs permet d\u2019\u00e9voquer toute la diversit\u00e9 des forces et des faiblesses qu\u2019un \u00eatre humain peut rencontrer sur le chemin de la vie. Ceci nous permettra de r\u00e9aliser une banni\u00e8re, des d\u00e9pliants, des cartes de visite ; tous \u00e0 l\u2019effigie et aux couleurs du centre.<\/p><p>In fine, la pr\u00e9occupation principale de chaque professionnel du centre est sans aucun doute le bien-\u00eatre, l\u2019accompagnement bienveillant de la personne en demande dans une \u00e9coute attentive et dynamique.<\/p>\t\t\t\t\t\t\t\t<\/div>\n\t\t\t\t<\/div>\n\t\t\t\t\t<\/div>\n\t\t<\/div>\n\t\t\t\t\t<\/div>\n\t\t<\/section>\n\t\t\t\t<section class=\"elementor-section elementor-top-section elementor-element elementor-element-74ea6ae elementor-section-boxed elementor-section-height-default elementor-section-height-default\" data-id=\"74ea6ae\" data-element_type=\"section\" data-settings=\"{&quot;background_background&quot;:&quot;classic&quot;}\">\n\t\t\t\t\t\t<div class=\"elementor-container elementor-column-gap-default\">\n\t\t\t\t\t<div class=\"elementor-column elementor-col-100 elementor-top-column elementor-element elementor-element-03f1850\" data-id=\"03f1850\" data-element_type=\"column\">\n\t\t\t<div class=\"elementor-widget-wrap elementor-element-populated\">\n\t\t\t\t\t\t<section class=\"elementor-section elementor-inner-section elementor-element elementor-element-50ee780 elementor-section-boxed elementor-section-height-default elementor-section-height-default\" data-id=\"50ee780\" data-element_type=\"section\">\n\t\t\t\t\t\t<div class=\"elementor-container elementor-column-gap-default\">\n\t\t\t\t\t<div class=\"elementor-column elementor-col-50 elementor-inner-column elementor-element elementor-element-e2414c8\" data-id=\"e2414c8\" data-element_type=\"column\">\n\t\t\t<div class=\"elementor-widget-wrap elementor-element-populated\">\n\t\t\t\t\t\t<div class=\"elementor-element elementor-element-c17cfff elementor-widget elementor-widget-text-editor\" data-id=\"c17cfff\" data-element_type=\"widget\" data-widget_type=\"text-editor.default\">\n\t\t\t\t<div class=\"elementor-widget-container\">\n\t\t\t\t\t\t\t\t\t<p>\u00a9 Copyright 2025 Maux en Mots. All Rights Reserved<\/p>\t\t\t\t\t\t\t\t<\/div>\n\t\t\t\t<\/div>\n\t\t\t\t\t<\/div>\n\t\t<\/div>\n\t\t\t\t<div class=\"elementor-column elementor-col-50 elementor-inner-column elementor-element elementor-element-c4049c7\" data-id=\"c4049c7\" data-element_type=\"column\">\n\t\t\t<div class=\"elementor-widget-wrap elementor-element-populated\">\n\t\t\t\t\t\t<div class=\"elementor-element elementor-element-63fff4c elementor-widget elementor-widget-text-editor\" data-id=\"63fff4c\" data-element_type=\"widget\" data-widget_type=\"text-editor.default\">\n\t\t\t\t<div class=\"elementor-widget-container\">\n\t\t\t\t\t\t\t\t\t<p>Pictures from Freepik<\/p>\t\t\t\t\t\t\t\t<\/div>\n\t\t\t\t<\/div>\n\t\t\t\t\t<\/div>\n\t\t<\/div>\n\t\t\t\t\t<\/div>\n\t\t<\/section>\n\t\t\t\t\t<\/div>\n\t\t<\/div>\n\t\t\t\t\t<\/div>\n\t\t<\/section>\n\t\t\t\t<\/div>\n\t\t","protected":false},"excerpt":{"rendered":"<p>Historique du Centre Maux en Mots Depuis 2006 Notre centre, qui f\u00eatera bient\u00f4t ses 20 ans, a vu le jour en 2006 de la r\u00e9flexion [&hellip;]<\/p>\n","protected":false},"author":2,"featured_media":0,"parent":0,"menu_order":0,"comment_status":"closed","ping_status":"closed","template":"template-fullwide.php","meta":{"footnotes":""},"class_list":["post-293","page","type-page","status-publish","hentry"],"yoast_head":"<!-- This site is optimized with the Yoast SEO plugin v26.5 - https:\/\/yoast.com\/wordpress\/plugins\/seo\/ -->\n<title>Histoire - Maux en Mots<\/title>\n<meta name=\"robots\" content=\"index, follow, max-snippet:-1, max-image-preview:large, max-video-preview:-1\" \/>\n<link rel=\"canonical\" href=\"https:\/\/www.mauxenmots.be\/index.php\/histoire\/\" \/>\n<meta property=\"og:locale\" content=\"fr_FR\" \/>\n<meta property=\"og:type\" content=\"article\" \/>\n<meta property=\"og:title\" content=\"Histoire - Maux en Mots\" \/>\n<meta property=\"og:description\" content=\"Historique du Centre Maux en Mots Depuis 2006 Notre centre, qui f\u00eatera bient\u00f4t ses 20 ans, a vu le jour en 2006 de la r\u00e9flexion [&hellip;]\" \/>\n<meta property=\"og:url\" content=\"https:\/\/www.mauxenmots.be\/index.php\/histoire\/\" \/>\n<meta property=\"og:site_name\" content=\"Maux en Mots\" \/>\n<meta property=\"article:modified_time\" content=\"2025-06-28T13:23:18+00:00\" \/>\n<meta property=\"og:image\" content=\"https:\/\/www.mauxenmots.be\/wp-content\/uploads\/2025\/05\/IMG-20250122-WA0005-min.jpg\" \/>\n\t<meta property=\"og:image:width\" content=\"1200\" \/>\n\t<meta property=\"og:image:height\" content=\"1600\" \/>\n\t<meta property=\"og:image:type\" content=\"image\/jpeg\" \/>\n<meta name=\"twitter:card\" content=\"summary_large_image\" \/>\n<meta name=\"twitter:label1\" content=\"Dur\u00e9e de lecture estim\u00e9e\" \/>\n\t<meta name=\"twitter:data1\" content=\"2 minutes\" \/>\n<script type=\"application\/ld+json\" class=\"yoast-schema-graph\">{\"@context\":\"https:\/\/schema.org\",\"@graph\":[{\"@type\":\"WebPage\",\"@id\":\"https:\/\/www.mauxenmots.be\/index.php\/histoire\/\",\"url\":\"https:\/\/www.mauxenmots.be\/index.php\/histoire\/\",\"name\":\"Histoire - Maux en Mots\",\"isPartOf\":{\"@id\":\"https:\/\/www.mauxenmots.be\/#website\"},\"primaryImageOfPage\":{\"@id\":\"https:\/\/www.mauxenmots.be\/index.php\/histoire\/#primaryimage\"},\"image\":{\"@id\":\"https:\/\/www.mauxenmots.be\/index.php\/histoire\/#primaryimage\"},\"thumbnailUrl\":\"https:\/\/www.mauxenmots.be\/wp-content\/uploads\/2025\/05\/IMG-20250122-WA0005-min-225x300.jpg\",\"datePublished\":\"2025-05-29T15:39:42+00:00\",\"dateModified\":\"2025-06-28T13:23:18+00:00\",\"breadcrumb\":{\"@id\":\"https:\/\/www.mauxenmots.be\/index.php\/histoire\/#breadcrumb\"},\"inLanguage\":\"fr-FR\",\"potentialAction\":[{\"@type\":\"ReadAction\",\"target\":[\"https:\/\/www.mauxenmots.be\/index.php\/histoire\/\"]}]},{\"@type\":\"ImageObject\",\"inLanguage\":\"fr-FR\",\"@id\":\"https:\/\/www.mauxenmots.be\/index.php\/histoire\/#primaryimage\",\"url\":\"https:\/\/www.mauxenmots.be\/wp-content\/uploads\/2025\/05\/IMG-20250122-WA0005-min.jpg\",\"contentUrl\":\"https:\/\/www.mauxenmots.be\/wp-content\/uploads\/2025\/05\/IMG-20250122-WA0005-min.jpg\",\"width\":1200,\"height\":1600},{\"@type\":\"BreadcrumbList\",\"@id\":\"https:\/\/www.mauxenmots.be\/index.php\/histoire\/#breadcrumb\",\"itemListElement\":[{\"@type\":\"ListItem\",\"position\":1,\"name\":\"Accueil\",\"item\":\"https:\/\/www.mauxenmots.be\/\"},{\"@type\":\"ListItem\",\"position\":2,\"name\":\"Histoire\"}]},{\"@type\":\"WebSite\",\"@id\":\"https:\/\/www.mauxenmots.be\/#website\",\"url\":\"https:\/\/www.mauxenmots.be\/\",\"name\":\"Maux en Mots\",\"description\":\"\",\"publisher\":{\"@id\":\"https:\/\/www.mauxenmots.be\/#organization\"},\"potentialAction\":[{\"@type\":\"SearchAction\",\"target\":{\"@type\":\"EntryPoint\",\"urlTemplate\":\"https:\/\/www.mauxenmots.be\/?s={search_term_string}\"},\"query-input\":{\"@type\":\"PropertyValueSpecification\",\"valueRequired\":true,\"valueName\":\"search_term_string\"}}],\"inLanguage\":\"fr-FR\"},{\"@type\":\"Organization\",\"@id\":\"https:\/\/www.mauxenmots.be\/#organization\",\"name\":\"Maux en Mots\",\"url\":\"https:\/\/www.mauxenmots.be\/\",\"logo\":{\"@type\":\"ImageObject\",\"inLanguage\":\"fr-FR\",\"@id\":\"https:\/\/www.mauxenmots.be\/#\/schema\/logo\/image\/\",\"url\":\"https:\/\/www.mauxenmots.be\/wp-content\/uploads\/2025\/05\/cropped-cropped-IMG-20250122-WA0005-min.jpg\",\"contentUrl\":\"https:\/\/www.mauxenmots.be\/wp-content\/uploads\/2025\/05\/cropped-cropped-IMG-20250122-WA0005-min.jpg\",\"width\":200,\"height\":199,\"caption\":\"Maux en Mots\"},\"image\":{\"@id\":\"https:\/\/www.mauxenmots.be\/#\/schema\/logo\/image\/\"}}]}<\/script>\n<!-- \/ Yoast SEO plugin. -->","yoast_head_json":{"title":"Histoire - Maux en Mots","robots":{"index":"index","follow":"follow","max-snippet":"max-snippet:-1","max-image-preview":"max-image-preview:large","max-video-preview":"max-video-preview:-1"},"canonical":"https:\/\/www.mauxenmots.be\/index.php\/histoire\/","og_locale":"fr_FR","og_type":"article","og_title":"Histoire - Maux en Mots","og_description":"Historique du Centre Maux en Mots Depuis 2006 Notre centre, qui f\u00eatera bient\u00f4t ses 20 ans, a vu le jour en 2006 de la r\u00e9flexion [&hellip;]","og_url":"https:\/\/www.mauxenmots.be\/index.php\/histoire\/","og_site_name":"Maux en Mots","article_modified_time":"2025-06-28T13:23:18+00:00","og_image":[{"width":1200,"height":1600,"url":"https:\/\/www.mauxenmots.be\/wp-content\/uploads\/2025\/05\/IMG-20250122-WA0005-min.jpg","type":"image\/jpeg"}],"twitter_card":"summary_large_image","twitter_misc":{"Dur\u00e9e de lecture estim\u00e9e":"2 minutes"},"schema":{"@context":"https:\/\/schema.org","@graph":[{"@type":"WebPage","@id":"https:\/\/www.mauxenmots.be\/index.php\/histoire\/","url":"https:\/\/www.mauxenmots.be\/index.php\/histoire\/","name":"Histoire - Maux en Mots","isPartOf":{"@id":"https:\/\/www.mauxenmots.be\/#website"},"primaryImageOfPage":{"@id":"https:\/\/www.mauxenmots.be\/index.php\/histoire\/#primaryimage"},"image":{"@id":"https:\/\/www.mauxenmots.be\/index.php\/histoire\/#primaryimage"},"thumbnailUrl":"https:\/\/www.mauxenmots.be\/wp-content\/uploads\/2025\/05\/IMG-20250122-WA0005-min-225x300.jpg","datePublished":"2025-05-29T15:39:42+00:00","dateModified":"2025-06-28T13:23:18+00:00","breadcrumb":{"@id":"https:\/\/www.mauxenmots.be\/index.php\/histoire\/#breadcrumb"},"inLanguage":"fr-FR","potentialAction":[{"@type":"ReadAction","target":["https:\/\/www.mauxenmots.be\/index.php\/histoire\/"]}]},{"@type":"ImageObject","inLanguage":"fr-FR","@id":"https:\/\/www.mauxenmots.be\/index.php\/histoire\/#primaryimage","url":"https:\/\/www.mauxenmots.be\/wp-content\/uploads\/2025\/05\/IMG-20250122-WA0005-min.jpg","contentUrl":"https:\/\/www.mauxenmots.be\/wp-content\/uploads\/2025\/05\/IMG-20250122-WA0005-min.jpg","width":1200,"height":1600},{"@type":"BreadcrumbList","@id":"https:\/\/www.mauxenmots.be\/index.php\/histoire\/#breadcrumb","itemListElement":[{"@type":"ListItem","position":1,"name":"Accueil","item":"https:\/\/www.mauxenmots.be\/"},{"@type":"ListItem","position":2,"name":"Histoire"}]},{"@type":"WebSite","@id":"https:\/\/www.mauxenmots.be\/#website","url":"https:\/\/www.mauxenmots.be\/","name":"Maux en Mots","description":"","publisher":{"@id":"https:\/\/www.mauxenmots.be\/#organization"},"potentialAction":[{"@type":"SearchAction","target":{"@type":"EntryPoint","urlTemplate":"https:\/\/www.mauxenmots.be\/?s={search_term_string}"},"query-input":{"@type":"PropertyValueSpecification","valueRequired":true,"valueName":"search_term_string"}}],"inLanguage":"fr-FR"},{"@type":"Organization","@id":"https:\/\/www.mauxenmots.be\/#organization","name":"Maux en Mots","url":"https:\/\/www.mauxenmots.be\/","logo":{"@type":"ImageObject","inLanguage":"fr-FR","@id":"https:\/\/www.mauxenmots.be\/#\/schema\/logo\/image\/","url":"https:\/\/www.mauxenmots.be\/wp-content\/uploads\/2025\/05\/cropped-cropped-IMG-20250122-WA0005-min.jpg","contentUrl":"https:\/\/www.mauxenmots.be\/wp-content\/uploads\/2025\/05\/cropped-cropped-IMG-20250122-WA0005-min.jpg","width":200,"height":199,"caption":"Maux en Mots"},"image":{"@id":"https:\/\/www.mauxenmots.be\/#\/schema\/logo\/image\/"}}]}},"_links":{"self":[{"href":"https:\/\/www.mauxenmots.be\/index.php\/wp-json\/wp\/v2\/pages\/293","targetHints":{"allow":["GET"]}}],"collection":[{"href":"https:\/\/www.mauxenmots.be\/index.php\/wp-json\/wp\/v2\/pages"}],"about":[{"href":"https:\/\/www.mauxenmots.be\/index.php\/wp-json\/wp\/v2\/types\/page"}],"author":[{"embeddable":true,"href":"https:\/\/www.mauxenmots.be\/index.php\/wp-json\/wp\/v2\/users\/2"}],"replies":[{"embeddable":true,"href":"https:\/\/www.mauxenmots.be\/index.php\/wp-json\/wp\/v2\/comments?post=293"}],"version-history":[{"count":7,"href":"https:\/\/www.mauxenmots.be\/index.php\/wp-json\/wp\/v2\/pages\/293\/revisions"}],"predecessor-version":[{"id":903,"href":"https:\/\/www.mauxenmots.be\/index.php\/wp-json\/wp\/v2\/pages\/293\/revisions\/903"}],"wp:attachment":[{"href":"https:\/\/www.mauxenmots.be\/index.php\/wp-json\/wp\/v2\/media?parent=293"}],"curies":[{"name":"wp","href":"https:\/\/api.w.org\/{rel}","templated":true}]}}